{"id":960,"date":"2025-10-24T11:19:21","date_gmt":"2025-10-24T11:19:21","guid":{"rendered":"https:\/\/buchhaltermach.com\/mbrojtja-e-te-dhenave\/"},"modified":"2025-10-28T07:34:58","modified_gmt":"2025-10-28T07:34:58","slug":"mbrojtja-e-te-dhenave","status":"publish","type":"page","link":"https:\/\/buchhaltermach.com\/sq\/mbrojtja-e-te-dhenave\/","title":{"rendered":"Mbrojtja e t\u00eb dh\u00ebnave"},"content":{"rendered":"\t\t<div data-elementor-type=\"wp-page\" data-elementor-id=\"960\" class=\"elementor elementor-960 elementor-780\" data-elementor-post-type=\"page\">\n\t\t\t\t<div class=\"elementor-element elementor-element-756990e e-flex e-con-boxed e-con e-parent\" data-id=\"756990e\" data-element_type=\"container\" data-e-type=\"container\">\n\t\t\t\t\t<div class=\"e-con-inner\">\n\t\t\t\t<div class=\"elementor-element elementor-element-46d2205 elementor-widget elementor-widget-html\" data-id=\"46d2205\" data-element_type=\"widget\" data-e-type=\"widget\" data-widget_type=\"html.default\">\n\t\t\t\t\t<h1>Deklarata e privat\u00ebsis\u00eb<\/h1>\n<p><em>Ky \u00ebsht\u00eb versioni ligj\u00ebrisht i detyruesh\u00ebm. P\u00ebrkthimet n\u00eb gjuh\u00eb t\u00eb tjera jan\u00eb vet\u00ebm p\u00ebr nj\u00eb kuptim m\u00eb t\u00eb mir\u00eb. <\/em><\/p>\n\n<h2>1. Privat\u00ebsia e t\u00eb dh\u00ebnave n\u00eb nj\u00eb shikim<\/h2>\n<h3>Informacione t\u00eb p\u00ebrgjithshme<\/h3> <p>Informacionet e m\u00ebposhtme japin nj\u00eb pasqyr\u00eb t\u00eb thjesht\u00eb se \u00e7far\u00eb ndodh me t\u00eb dh\u00ebnat tuaja personale kur vizitoni k\u00ebt\u00eb faqe interneti. T\u00eb dh\u00ebnat personale jan\u00eb t\u00eb gjitha t\u00eb dh\u00ebnat me t\u00eb cilat mund t\u00eb identifikoheni personalisht. Informacione t\u00eb holl\u00ebsishme mbi tem\u00ebn e privat\u00ebsis\u00eb s\u00eb t\u00eb dh\u00ebnave mund t\u00eb gjenden n\u00eb deklarat\u00ebn ton\u00eb t\u00eb privat\u00ebsis\u00eb t\u00eb listuar n\u00ebn k\u00ebt\u00eb tekst.  <\/p>\n<h3>Mbledhja e t\u00eb dh\u00ebnave n\u00eb k\u00ebt\u00eb faqe interneti<\/h3> <h4>Kush \u00ebsht\u00eb p\u00ebrgjegj\u00ebs p\u00ebr mbledhjen e t\u00eb dh\u00ebnave n\u00eb k\u00ebt\u00eb faqe interneti?<\/h4> <p>P\u00ebrpunimi i t\u00eb dh\u00ebnave n\u00eb k\u00ebt\u00eb faqe interneti kryhet nga operatori i faqes interneti. Detajet e kontaktit t\u00eb tyre mund t'i gjeni n\u00eb seksionin \"Informacion mbi organin p\u00ebrgjegj\u00ebs\" n\u00eb k\u00ebt\u00eb deklarat\u00eb t\u00eb privat\u00ebsis\u00eb. <\/p> <h4>Si i mbledhim t\u00eb dh\u00ebnat tuaja?<\/h4> <p>Nga nj\u00ebra an\u00eb, t\u00eb dh\u00ebnat tuaja mblidhen duke na i dh\u00ebn\u00eb ato. Kjo mund t\u00eb jet\u00eb, p.sh., t\u00eb dh\u00ebnat q\u00eb futni n\u00eb nj\u00eb formular kontakti. <\/p> <p>T\u00eb dh\u00ebna t\u00eb tjera mblidhen automatikisht ose me p\u00eblqimin tuaj kur vizitoni faqen e internetit nga sistemet tona IT. K\u00ebto jan\u00eb kryesisht t\u00eb dh\u00ebna teknike (p.sh. shfletuesi i internetit, sistemi operativ ose koha kur u vizitua faqja). K\u00ebto t\u00eb dh\u00ebna mblidhen automatikisht sapo t\u00eb hyni n\u00eb k\u00ebt\u00eb faqe interneti.  <\/p> <h4>P\u00ebr \u00e7far\u00eb i p\u00ebrdorim t\u00eb dh\u00ebnat tuaja?<\/h4> <p>Nj\u00eb pjes\u00eb e t\u00eb dh\u00ebnave mblidhet p\u00ebr t\u00eb siguruar q\u00eb faqja e internetit t\u00eb ofrohet pa gabime. T\u00eb dh\u00ebna t\u00eb tjera mund t\u00eb p\u00ebrdoren p\u00ebr t\u00eb analizuar sjelljen tuaj t\u00eb p\u00ebrdoruesit. P\u00ebr sa koh\u00eb q\u00eb kontratat mund t\u00eb lidhen ose t\u00eb iniciohen p\u00ebrmes faqes s\u00eb internetit, t\u00eb dh\u00ebnat e transmetuara do t\u00eb p\u00ebrpunohen gjithashtu p\u00ebr oferta kontraktuale, porosi ose k\u00ebrkesa t\u00eb tjera porosie.  <\/p> <h4>\u00c7far\u00eb t\u00eb drejtash keni n\u00eb lidhje me t\u00eb dh\u00ebnat tuaja?<\/h4> <p>Ju keni t\u00eb drejt\u00eb t\u00eb merrni informacion falas n\u00eb \u00e7do koh\u00eb n\u00eb lidhje me origjin\u00ebn, marr\u00ebsin dhe q\u00ebllimin e t\u00eb dh\u00ebnave tuaja personale t\u00eb ruajtura. Ju gjithashtu keni t\u00eb drejt\u00eb t\u00eb k\u00ebrkoni q\u00eb k\u00ebto t\u00eb dh\u00ebna t\u00eb korrigjohen ose t\u00eb fshihen. N\u00ebse keni dh\u00ebn\u00eb p\u00eblqimin p\u00ebr p\u00ebrpunimin e t\u00eb dh\u00ebnave, mund ta revokoni k\u00ebt\u00eb p\u00eblqim n\u00eb \u00e7do koh\u00eb p\u00ebr t\u00eb ardhmen. Ju gjithashtu keni t\u00eb drejt\u00eb t\u00eb k\u00ebrkoni kufizimin e p\u00ebrpunimit t\u00eb t\u00eb dh\u00ebnave tuaja personale n\u00eb rrethana t\u00eb caktuara. P\u00ebrve\u00e7 k\u00ebsaj, keni t\u00eb drejt\u00eb t\u00eb paraqisni nj\u00eb ankes\u00eb n\u00eb autoritetin mbik\u00ebqyr\u00ebs kompetent.    <\/p> <p>P\u00ebr k\u00ebt\u00eb q\u00ebllim, si dhe p\u00ebr pyetje t\u00eb tjera n\u00eb lidhje me tem\u00ebn e privat\u00ebsis\u00eb s\u00eb t\u00eb dh\u00ebnave, mund t\u00eb na kontaktoni n\u00eb \u00e7do koh\u00eb.<\/p>\n<h2>2. Pritja<\/h2>\n<p>Ne i presim p\u00ebrmbajtjet e faqes son\u00eb t\u00eb internetit me ofruesin e m\u00ebposht\u00ebm:<\/p>\n<h3>IONOS<\/h3> <p>Ofruesi \u00ebsht\u00eb IONOS SE, Elgendorfer Str. 57, 56410 Montabaur (m\u00eb posht\u00eb IONOS). Kur vizitoni faqen ton\u00eb t\u00eb internetit, IONOS regjistron skedar\u00eb t\u00eb ndrysh\u00ebm regjistri, duke p\u00ebrfshir\u00eb adresat tuaja IP. P\u00ebr detaje, ju lutemi referojuni deklarat\u00ebs s\u00eb privat\u00ebsis\u00eb s\u00eb IONOS: <a href=\"https:\/\/www.ionos.de\/terms-gtc\/terms-privacy\" target=\"_blank\" rel=\"noopener noreferrer\">https:\/\/www.ionos.de\/terms-gtc\/terms-privacy<\/a>.  <\/p> <p>IONOS p\u00ebrdoret n\u00eb baz\u00eb t\u00eb Art. 6 Par. 1 lit. f GDPR. Ne kemi nj\u00eb interes t\u00eb ligjsh\u00ebm n\u00eb nj\u00eb paraqitje sa m\u00eb t\u00eb besueshme t\u00eb faqes son\u00eb t\u00eb internetit. P\u00ebr sa koh\u00eb q\u00eb \u00ebsht\u00eb k\u00ebrkuar p\u00eblqimi i duhur, p\u00ebrpunimi kryhet ekskluzivisht n\u00eb baz\u00eb t\u00eb Art. 6 Par. 1 lit. a GDPR dhe \u00a7 25 Par. 1 TDDDG, p\u00ebr sa koh\u00eb q\u00eb p\u00eblqimi p\u00ebrfshin ruajtjen e cookies ose aksesin n\u00eb informacionin n\u00eb pajisjen fundore t\u00eb p\u00ebrdoruesit (p.sh. gjurm\u00ebt e gishtave t\u00eb pajisjes) n\u00eb kuptimin e TDDDG. P\u00eblqimi mund t\u00eb revokohet n\u00eb \u00e7do koh\u00eb.        <\/p>\n\n<h4>P\u00ebrpunimi i porosive<\/h4> <p>Ne kemi lidhur nj\u00eb kontrat\u00eb p\u00ebr p\u00ebrpunimin e porosive (AVV) p\u00ebr p\u00ebrdorimin e sh\u00ebrbimit t\u00eb p\u00ebrmendur m\u00eb sip\u00ebr. Kjo \u00ebsht\u00eb nj\u00eb kontrat\u00eb e k\u00ebrkuar nga ligji i privat\u00ebsis\u00eb s\u00eb t\u00eb dh\u00ebnave q\u00eb siguron q\u00eb ky i fundit p\u00ebrpunon t\u00eb dh\u00ebnat personale t\u00eb vizitor\u00ebve t\u00eb faqes son\u00eb t\u00eb internetit vet\u00ebm sipas udh\u00ebzimeve tona dhe n\u00eb p\u00ebrputhje me GDPR. <\/p>\n<h2>3. Informacione t\u00eb p\u00ebrgjithshme dhe t\u00eb detyrueshme<\/h2>\n<h3>Mbrojtja e t\u00eb dh\u00ebnave<\/h3> <p>Operator\u00ebt e k\u00ebtyre faqeve e marrin shum\u00eb seriozisht mbrojtjen e t\u00eb dh\u00ebnave tuaja personale. Ne i trajtojm\u00eb t\u00eb dh\u00ebnat tuaja personale n\u00eb m\u00ebnyr\u00eb konfidenciale dhe n\u00eb p\u00ebrputhje me rregulloret ligjore t\u00eb mbrojtjes s\u00eb t\u00eb dh\u00ebnave dhe me k\u00ebt\u00eb deklarat\u00eb t\u00eb privat\u00ebsis\u00eb. <\/p> <p>N\u00ebse p\u00ebrdorni k\u00ebt\u00eb faqe interneti, do t\u00eb mblidhen t\u00eb dh\u00ebna t\u00eb ndryshme personale. T\u00eb dh\u00ebnat personale jan\u00eb t\u00eb dh\u00ebna me t\u00eb cilat mund t\u00eb identifikoheni personalisht. Kjo deklarat\u00eb e privat\u00ebsis\u00eb shpjegon se cilat t\u00eb dh\u00ebna mbledhim dhe p\u00ebr \u00e7far\u00eb i p\u00ebrdorim ato. Ai shpjegon gjithashtu se si dhe p\u00ebr \u00e7far\u00eb q\u00ebllimi ndodh kjo.   <\/p> <p>Ne d\u00ebshirojm\u00eb t\u00eb theksojm\u00eb se transmetimi i t\u00eb dh\u00ebnave n\u00eb internet (p.sh. kur komunikoni me email) mund t\u00eb ket\u00eb boshll\u00ebqe sigurie. Mbrojtja e plot\u00eb e t\u00eb dh\u00ebnave nga aksesi nga pal\u00ebt e treta nuk \u00ebsht\u00eb e mundur. <\/p>\n<h3>Informacion mbi organin p\u00ebrgjegj\u00ebs<\/h3> <p>Organi p\u00ebrgjegj\u00ebs p\u00ebr p\u00ebrpunimin e t\u00eb dh\u00ebnave n\u00eb k\u00ebt\u00eb faqe interneti \u00ebsht\u00eb:<\/p> <p>Buchhalter Mach<br>Stembergstra\u00dfe 24<br>59755 Arnsberg<\/p>\n\n<p>Telefon: 0211 90224644<br>E-mail: info@buchhaltermach.com<\/p>\n <p>Organi p\u00ebrgjegj\u00ebs \u00ebsht\u00eb personi fizik ose juridik i cili, vet\u00ebm ose s\u00eb bashku me t\u00eb tjer\u00ebt, vendos p\u00ebr q\u00ebllimet dhe mjetet e p\u00ebrpunimit t\u00eb t\u00eb dh\u00ebnave personale (p.sh. emrat, adresat e emailit, etj.).<\/p>\n\n<h3>Koh\u00ebzgjatja e ruajtjes<\/h3> <p>P\u00ebr sa koh\u00eb q\u00eb nuk \u00ebsht\u00eb p\u00ebrmendur nj\u00eb koh\u00ebzgjatje m\u00eb specifike ruajtjeje brenda k\u00ebsaj deklarate t\u00eb privat\u00ebsis\u00eb, t\u00eb dh\u00ebnat tuaja personale do t\u00eb q\u00ebndrojn\u00eb me ne derisa t\u00eb pushoj\u00eb q\u00ebllimi i p\u00ebrpunimit t\u00eb t\u00eb dh\u00ebnave. N\u00ebse b\u00ebni nj\u00eb k\u00ebrkes\u00eb t\u00eb ligjshme p\u00ebr fshirje ose revokoni p\u00eblqimin tuaj p\u00ebr p\u00ebrpunimin e t\u00eb dh\u00ebnave, t\u00eb dh\u00ebnat tuaja do t\u00eb fshihen, p\u00ebrve\u00e7 n\u00ebse kemi arsye t\u00eb tjera ligj\u00ebrisht t\u00eb lejueshme p\u00ebr t\u00eb ruajtur t\u00eb dh\u00ebnat tuaja personale (p.sh. periudhat e mbajtjes sipas ligjit tatimor ose tregtar); n\u00eb rastin e fundit, fshirja do t\u00eb kryhet pasi t\u00eb ken\u00eb pushuar k\u00ebto arsye. <\/p>\n<h3>Informacione t\u00eb p\u00ebrgjithshme mbi bazat ligjore p\u00ebr p\u00ebrpunimin e t\u00eb dh\u00ebnave n\u00eb k\u00ebt\u00eb faqe interneti<\/h3> <p>P\u00ebr sa koh\u00eb q\u00eb keni r\u00ebn\u00eb dakord p\u00ebr p\u00ebrpunimin e t\u00eb dh\u00ebnave, ne i p\u00ebrpunojm\u00eb t\u00eb dh\u00ebnat tuaja personale n\u00eb baz\u00eb t\u00eb Art. 6 Par. 1 lit. a GDPR ose Art. 9 Par. 2 lit. a GDPR, p\u00ebr sa koh\u00eb q\u00eb kategorit\u00eb e ve\u00e7anta t\u00eb t\u00eb dh\u00ebnave sipas Art. 9 Par. 1 GDPR p\u00ebrpunohen. N\u00eb rast t\u00eb nj\u00eb p\u00eblqimi t\u00eb shprehur p\u00ebr transferimin e t\u00eb dh\u00ebnave personale n\u00eb shtete t\u00eb treta, p\u00ebrpunimi i t\u00eb dh\u00ebnave kryhet gjithashtu n\u00eb baz\u00eb t\u00eb Art. 49 Par. 1 lit. a GDPR. P\u00ebr sa koh\u00eb q\u00eb keni r\u00ebn\u00eb dakord p\u00ebr ruajtjen e cookies ose aksesin n\u00eb informacionin n\u00eb pajisjen tuaj fundore (p.sh. p\u00ebrmes gjurm\u00ebve t\u00eb gishtave t\u00eb pajisjes), p\u00ebrpunimi i t\u00eb dh\u00ebnave kryhet gjithashtu n\u00eb baz\u00eb t\u00eb \u00a7 25 Par. 1 TDDDG. P\u00eblqimi mund t\u00eb revokohet n\u00eb \u00e7do koh\u00eb. N\u00ebse t\u00eb dh\u00ebnat tuaja jan\u00eb t\u00eb nevojshme p\u00ebr t\u00eb p\u00ebrmbushur nj\u00eb kontrat\u00eb ose p\u00ebr t\u00eb kryer masa para-kontraktuale, ne i p\u00ebrpunojm\u00eb t\u00eb dh\u00ebnat tuaja n\u00eb baz\u00eb t\u00eb Art. 6 Par. 1 lit. b GDPR. P\u00ebrve\u00e7 k\u00ebsaj, ne i p\u00ebrpunojm\u00eb t\u00eb dh\u00ebnat tuaja n\u00ebse ato jan\u00eb t\u00eb nevojshme p\u00ebr t\u00eb p\u00ebrmbushur nj\u00eb detyrim ligjor n\u00eb baz\u00eb t\u00eb Art. 6 Par. 1 lit. c GDPR. P\u00ebrpunimi i t\u00eb dh\u00ebnave mund t\u00eb kryhet gjithashtu n\u00eb baz\u00eb t\u00eb interesit ton\u00eb t\u00eb ligjsh\u00ebm sipas Art. 6 Par. 1 lit. f GDPR. Bazat ligjore p\u00ebrkat\u00ebse t\u00eb zbatueshme n\u00eb rastin individual do t\u00eb komunikohen n\u00eb paragraf\u00ebt e m\u00ebposht\u00ebm t\u00eb k\u00ebsaj deklarate t\u00eb privat\u00ebsis\u00eb.                     <\/p>\n<h3>Marr\u00ebsit e t\u00eb dh\u00ebnave personale<\/h3> <p>Si pjes\u00eb e aktiviteteve tona t\u00eb biznesit, ne punojm\u00eb me nj\u00eb s\u00ebr\u00eb organesh t\u00eb jashtme. Ndonj\u00ebher\u00eb, nj\u00eb transmetim i t\u00eb dh\u00ebnave personale n\u00eb k\u00ebto organe t\u00eb jashtme \u00ebsht\u00eb gjithashtu i nevojsh\u00ebm. Ne i kalojm\u00eb t\u00eb dh\u00ebnat personale vet\u00ebm organeve t\u00eb jashtme n\u00ebse kjo \u00ebsht\u00eb e nevojshme si pjes\u00eb e p\u00ebrmbushjes s\u00eb nj\u00eb kontrate, n\u00ebse jemi t\u00eb detyruar ta b\u00ebjm\u00eb k\u00ebt\u00eb me ligj (p.sh. kalimi i t\u00eb dh\u00ebnave n\u00eb autoritetet tatimore), n\u00ebse kemi nj\u00eb interes t\u00eb ligjsh\u00ebm n\u00eb kalimin sipas Art. 6 Par. 1 lit. f GDPR ose n\u00ebse nj\u00eb baz\u00eb tjet\u00ebr ligjore lejon kalimin e t\u00eb dh\u00ebnave. Kur p\u00ebrdorim p\u00ebrpunuesit e porosive, ne i kalojm\u00eb t\u00eb dh\u00ebnat personale t\u00eb klient\u00ebve tan\u00eb vet\u00ebm n\u00eb baz\u00eb t\u00eb nj\u00eb kontrate t\u00eb vlefshme p\u00ebr p\u00ebrpunimin e porosive. N\u00eb rast t\u00eb nj\u00eb p\u00ebrpunimi t\u00eb p\u00ebrbashk\u00ebt, do t\u00eb lidhet nj\u00eb kontrat\u00eb p\u00ebr p\u00ebrpunimin e p\u00ebrbashk\u00ebt.      <\/p>\n<h3>Revokimi i p\u00eblqimit tuaj p\u00ebr p\u00ebrpunimin e t\u00eb dh\u00ebnave<\/h3> <p>Shum\u00eb operacione t\u00eb p\u00ebrpunimit t\u00eb t\u00eb dh\u00ebnave jan\u00eb t\u00eb mundura vet\u00ebm me p\u00eblqimin tuaj t\u00eb shprehur. Ju mund t\u00eb revokoni nj\u00eb p\u00eblqim q\u00eb tashm\u00eb \u00ebsht\u00eb dh\u00ebn\u00eb n\u00eb \u00e7do koh\u00eb. Ligjshm\u00ebria e p\u00ebrpunimit t\u00eb t\u00eb dh\u00ebnave q\u00eb ka ndodhur deri n\u00eb revokim nuk preket nga revokimi.  <\/p>\n<h3>E drejta p\u00ebr t\u00eb kund\u00ebrshtuar mbledhjen e t\u00eb dh\u00ebnave n\u00eb raste t\u00eb ve\u00e7anta dhe kund\u00ebr reklamave t\u00eb drejtp\u00ebrdrejta (Art. 21 GDPR)<\/h3> <p>N\u00cbSE P\u00cbRPUNIMI I T\u00cb DH\u00cbNAVE KRYHET N\u00cb BAZ\u00cb T\u00cb ART. 6 ABS. 1 LIT. E OSE F GDPR, JU KENI T\u00cb DREJT\u00cb N\u00cb \u00c7DO KOH\u00cb T\u00cb KUND\u00cbRSHTONI P\u00cbRPUNIMIN E T\u00cb DH\u00cbNAVE TUAJA PERSONALE P\u00cbR ARSYE Q\u00cb RRJEDHIN NGA SITUATA JUAJ E VE\u00c7ANT\u00cb; KJO VLON GJITHASHTU P\u00cbR PROFILIZIMIN E BAZUAR N\u00cb K\u00cbTO DISPOZITA. JU LUTEMI REFEROJUNI K\u00cbSAJ DEKLARATE T\u00cb PRIVAT\u00cbSIS\u00cb P\u00cbR BAZ\u00cbN P\u00cbRKAT\u00cbSE LIGJORE MBI T\u00cb CIL\u00cbN BAZOHET P\u00cbRPUNIMI. N\u00cbSE KUND\u00cbRSHTONI, NE NUK DO T'I P\u00cbRPUNOJM\u00cb M\u00cb T\u00cb DH\u00cbNAT PERSONALE TUAJA T\u00cb PREKURA, P\u00cbRVE\u00c7 N\u00cbSE MUND T\u00cb PROVOJM\u00cb ARSYE T\u00cb DOMOSDOSHME P\u00cbR MBROJTJE P\u00cbR P\u00cbRPUNIMIN Q\u00cb ANASHKALOJN\u00cb INTERESAT, T\u00cb DREJTAT DHE LIRIT\u00cb TUAJA OSE P\u00cbRPUNIMI SH\u00cbRBEN P\u00cbR T\u00cb V\u00cbRTETUAR, USHTRUAR OSE MBROJTUR PRETENDIME LIGJORE (KUND\u00cbRSHTIM SIPAS ART. 21 ABS. 1 GDPR).    <\/p> <p>N\u00ebse t\u00eb dh\u00ebnat tuaja personale p\u00ebrpunohen p\u00ebr q\u00ebllime marketingu direkt, at\u00ebher\u00eb ju keni t\u00eb drejt\u00eb t\u00eb kund\u00ebrshtoni n\u00eb \u00e7do koh\u00eb p\u00ebrpunimin e t\u00eb dh\u00ebnave personale q\u00eb ju p\u00ebrkasin p\u00ebr q\u00ebllime t\u00eb marketingut t\u00eb till\u00eb; kjo vlen edhe p\u00ebr profilizimin, n\u00eb mas\u00ebn q\u00eb lidhet me marketingun e till\u00eb direkt. N\u00ebse kund\u00ebrshtoni, t\u00eb dh\u00ebnat tuaja personale nuk do t\u00eb p\u00ebrdoren m\u00eb p\u00ebr q\u00ebllime marketingu direkt (Kund\u00ebrshtim sipas Neni 21, Paragrafi 2 i GDPR). <\/p>\n<h3>E drejta p\u00ebr ankes\u00eb pran\u00eb autoritetit mbik\u00ebqyr\u00ebs kompetent<\/h3> <p>N\u00eb rast shkeljesh t\u00eb GDPR-s\u00eb, personat e prekur kan\u00eb t\u00eb drejt\u00eb t\u00eb b\u00ebjn\u00eb ankes\u00eb pran\u00eb nj\u00eb autoriteti mbik\u00ebqyr\u00ebs, ve\u00e7an\u00ebrisht n\u00eb shtetin an\u00ebtar t\u00eb vendbanimit t\u00eb tyre t\u00eb zakonsh\u00ebm, vendit t\u00eb pun\u00ebs ose vendit t\u00eb shkeljes s\u00eb dyshuar. E drejta p\u00ebr ankes\u00eb ekziston pa cenuar mjetet e tjera administrative ose gjyq\u00ebsore. <\/p>\n<h3>E drejta p\u00ebr transferueshm\u00ebrin\u00eb e t\u00eb dh\u00ebnave<\/h3> <p>Ju keni t\u00eb drejt\u00eb t\u00eb merrni t\u00eb dh\u00ebnat q\u00eb ne p\u00ebrpunojm\u00eb automatikisht n\u00eb baz\u00eb t\u00eb p\u00eblqimit tuaj ose n\u00eb p\u00ebrmbushje t\u00eb nj\u00eb kontrate, p\u00ebr veten tuaj ose p\u00ebr nj\u00eb pal\u00eb t\u00eb tret\u00eb, n\u00eb nj\u00eb format t\u00eb zakonsh\u00ebm, t\u00eb lexuesh\u00ebm nga makina. N\u00ebse k\u00ebrkoni transferimin direkt t\u00eb t\u00eb dh\u00ebnave te nj\u00eb kontrollues tjet\u00ebr, kjo do t\u00eb b\u00ebhet vet\u00ebm n\u00eb mas\u00ebn q\u00eb \u00ebsht\u00eb teknikisht e realizueshme. <\/p>\n<h3>Informacion, Korrigjim dhe Fshirje<\/h3> <p>N\u00eb kuad\u00ebr t\u00eb dispozitave ligjore n\u00eb fuqi, ju keni t\u00eb drejt\u00eb n\u00eb \u00e7do koh\u00eb t\u00eb merrni informacion falas mbi t\u00eb dh\u00ebnat tuaja personale t\u00eb ruajtura, origjin\u00ebn dhe marr\u00ebsit e tyre, si dhe q\u00ebllimin e p\u00ebrpunimit t\u00eb t\u00eb dh\u00ebnave dhe, n\u00ebse \u00ebsht\u00eb e nevojshme, t\u00eb drejt\u00ebn p\u00ebr korrigjimin ose fshirjen e k\u00ebtyre t\u00eb dh\u00ebnave. P\u00ebr k\u00ebt\u00eb dhe p\u00ebr \u00e7do pyetje tjet\u00ebr n\u00eb lidhje me t\u00eb dh\u00ebnat personale, mund t\u00eb na kontaktoni n\u00eb \u00e7do koh\u00eb. <\/p>\n<h3>E drejta p\u00ebr kufizimin e p\u00ebrpunimit<\/h3> <p>Ju keni t\u00eb drejt\u00eb t\u00eb k\u00ebrkoni kufizimin e p\u00ebrpunimit t\u00eb t\u00eb dh\u00ebnave tuaja personale. P\u00ebr k\u00ebt\u00eb, mund t\u00eb na kontaktoni n\u00eb \u00e7do koh\u00eb. E drejta p\u00ebr kufizimin e p\u00ebrpunimit ekziston n\u00eb rastet e m\u00ebposhtme:  <\/p> <ul> <li>N\u00ebse kontestoni sakt\u00ebsin\u00eb e t\u00eb dh\u00ebnave tuaja personale t\u00eb ruajtura tek ne, zakonisht na duhet koh\u00eb p\u00ebr ta verifikuar k\u00ebt\u00eb. P\u00ebr koh\u00ebzgjatjen e verifikimit, ju keni t\u00eb drejt\u00eb t\u00eb k\u00ebrkoni kufizimin e p\u00ebrpunimit t\u00eb t\u00eb dh\u00ebnave tuaja personale. <\/li> <li>N\u00ebse p\u00ebrpunimi i t\u00eb dh\u00ebnave tuaja personale ka qen\u00eb\/\u00ebsht\u00eb i paligjsh\u00ebm, mund t\u00eb k\u00ebrkoni kufizimin e p\u00ebrpunimit t\u00eb t\u00eb dh\u00ebnave n\u00eb vend t\u00eb fshirjes.<\/li> <li>N\u00ebse ne nuk kemi m\u00eb nevoj\u00eb p\u00ebr t\u00eb dh\u00ebnat tuaja personale, por ju i k\u00ebrkoni ato p\u00ebr ushtrimin, mbrojtjen ose pohimin e k\u00ebrkesave ligjore, at\u00ebher\u00eb ju keni t\u00eb drejt\u00eb t\u00eb k\u00ebrkoni kufizimin e p\u00ebrpunimit t\u00eb t\u00eb dh\u00ebnave tuaja personale n\u00eb vend t\u00eb fshirjes.<\/li> <li>N\u00ebse keni b\u00ebr\u00eb nj\u00eb kund\u00ebrshtim sipas Neni 21, Paragrafi 1 i GDPR-s\u00eb, duhet t\u00eb b\u00ebhet nj\u00eb balancim midis interesave tuaja dhe tona. P\u00ebr sa koh\u00eb q\u00eb nuk \u00ebsht\u00eb p\u00ebrcaktuar se cilat interesa mbizot\u00ebrojn\u00eb, ju keni t\u00eb drejt\u00eb t\u00eb k\u00ebrkoni kufizimin e p\u00ebrpunimit t\u00eb t\u00eb dh\u00ebnave tuaja personale.  <\/li> <\/ul> <p>N\u00ebse keni kufizuar p\u00ebrpunimin e t\u00eb dh\u00ebnave tuaja personale, k\u00ebto t\u00eb dh\u00ebna \u2013 p\u00ebrve\u00e7 ruajtjes s\u00eb tyre \u2013 mund t\u00eb p\u00ebrpunohen vet\u00ebm me p\u00eblqimin tuaj ose p\u00ebr ushtrimin, mbrojtjen ose pohimin e k\u00ebrkesave ligjore, ose p\u00ebr mbrojtjen e t\u00eb drejtave t\u00eb nj\u00eb personi tjet\u00ebr fizik ose juridik, ose p\u00ebr arsye t\u00eb nj\u00eb interesi t\u00eb r\u00ebnd\u00ebsish\u00ebm publik t\u00eb Bashkimit Evropian ose t\u00eb nj\u00eb shteti an\u00ebtar.<\/p>\n<h3>Kriptimi SSL ose TLS<\/h3> <p>Kjo faqe p\u00ebrdor kriptimin SSL ose TLS p\u00ebr arsye sigurie dhe p\u00ebr t\u00eb mbrojtur transmetimin e p\u00ebrmbajtjeve konfidenciale, si p.sh. porosit\u00eb ose k\u00ebrkesat q\u00eb ju na d\u00ebrgoni neve si operator\u00eb t\u00eb faqes. Nj\u00eb lidhje e kriptuar njihet nga fakti q\u00eb shiriti i adres\u00ebs s\u00eb shfletuesit ndryshon nga \u201chttp:\/\/\u201d n\u00eb \u201chttps:\/\/\u201d dhe nga simboli i ky\u00e7it n\u00eb shiritin e shfletuesit tuaj. <\/p> <p>N\u00ebse kriptimi SSL ose TLS \u00ebsht\u00eb aktivizuar, t\u00eb dh\u00ebnat q\u00eb ju na transmetoni nuk mund t\u00eb lexohen nga pal\u00eb t\u00eb treta.<\/p>\n<h2>4. Mbledhja e t\u00eb dh\u00ebnave n\u00eb k\u00ebt\u00eb faqe interneti<\/h2>\n<h3>Cookies<\/h3> <p>Faqet tona t\u00eb internetit p\u00ebrdorin t\u00eb ashtuquajturat \u201ccookies\u201d. Cookies jan\u00eb paketa t\u00eb vogla t\u00eb dh\u00ebnash dhe nuk shkaktojn\u00eb d\u00ebm n\u00eb pajisjen tuaj. Ato ruhen ose p\u00ebrkoh\u00ebsisht p\u00ebr koh\u00ebzgjatjen e nj\u00eb sesioni (cookies t\u00eb sesionit) ose p\u00ebrgjithmon\u00eb (cookies t\u00eb p\u00ebrhershme) n\u00eb pajisjen tuaj. Cookies e sesionit fshihen automatikisht pas p\u00ebrfundimit t\u00eb vizit\u00ebs suaj. Cookies e p\u00ebrhershme mbeten t\u00eb ruajtura n\u00eb pajisjen tuaj derisa t'i fshini vet\u00eb ose t\u00eb ndodh\u00eb nj\u00eb fshirje automatike nga shfletuesi juaj i internetit.    <\/p> <p>Cookies mund t\u00eb vijn\u00eb nga ne (cookies t\u00eb pal\u00ebs s\u00eb par\u00eb) ose nga kompani t\u00eb treta (t\u00eb ashtuquajturat cookies t\u00eb pal\u00ebs s\u00eb tret\u00eb). Cookies e pal\u00ebs s\u00eb tret\u00eb mund\u00ebsojn\u00eb integrimin e sh\u00ebrbimeve t\u00eb caktuara nga kompani t\u00eb treta brenda faqeve t\u00eb internetit (p.sh., cookies p\u00ebr p\u00ebrpunimin e sh\u00ebrbimeve t\u00eb pagesave). <\/p> <p>Cookies kan\u00eb funksione t\u00eb ndryshme. Shum\u00eb cookies jan\u00eb teknikisht t\u00eb nevojshme, pasi funksione t\u00eb caktuara t\u00eb faqes s\u00eb internetit nuk do t\u00eb funksiononin pa to (p.sh., funksioni i shport\u00ebs s\u00eb blerjeve ose shfaqja e videove). Cookies t\u00eb tjera mund t\u00eb p\u00ebrdoren p\u00ebr analiz\u00ebn e sjelljes s\u00eb p\u00ebrdoruesit ose p\u00ebr q\u00ebllime reklamimi.  <\/p> <p>Cookies q\u00eb jan\u00eb t\u00eb nevojshme p\u00ebr kryerjen e procesit t\u00eb komunikimit elektronik, p\u00ebr ofrimin e funksioneve t\u00eb caktuara t\u00eb d\u00ebshiruara nga ju (p.sh., p\u00ebr funksionin e shport\u00ebs s\u00eb blerjeve) ose p\u00ebr optimizimin e faqes s\u00eb internetit (p.sh., cookies p\u00ebr matjen e audienc\u00ebs s\u00eb internetit) (cookies t\u00eb nevojshme), ruhen n\u00eb baz\u00eb t\u00eb Neni 6, Paragrafi 1, shkronja f e GDPR-s\u00eb, p\u00ebrve\u00e7 n\u00ebse specifikohet nj\u00eb baz\u00eb tjet\u00ebr ligjore. Operatori i faqes s\u00eb internetit ka nj\u00eb interes legjitim n\u00eb ruajtjen e cookies t\u00eb nevojshme p\u00ebr ofrimin teknikisht t\u00eb sakt\u00eb dhe t\u00eb optimizuar t\u00eb sh\u00ebrbimeve t\u00eb tij. N\u00ebse \u00ebsht\u00eb k\u00ebrkuar p\u00eblqimi p\u00ebr ruajtjen e cookies dhe teknologjive t\u00eb ngjashme t\u00eb njohjes, p\u00ebrpunimi b\u00ebhet ekskluzivisht n\u00eb baz\u00eb t\u00eb k\u00ebtij p\u00eblqimi (Neni 6, Paragrafi 1, shkronja a e GDPR-s\u00eb dhe \u00a7 25, Paragrafi 1 i TDDDG); p\u00eblqimi mund t\u00eb revokohet n\u00eb \u00e7do koh\u00eb.    <\/p> <p>Ju mund ta konfiguroni shfletuesin tuaj n\u00eb m\u00ebnyr\u00eb q\u00eb t\u00eb informoheni p\u00ebr vendosjen e cookies dhe t'i lejoni ato vet\u00ebm n\u00eb raste individuale, t\u00eb p\u00ebrjashtoni pranimin e cookies p\u00ebr raste t\u00eb caktuara ose n\u00eb p\u00ebrgjith\u00ebsi, si dhe t\u00eb aktivizoni fshirjen automatike t\u00eb cookies kur mbyllni shfletuesin. N\u00eb rast \u00e7aktivizimi t\u00eb cookies, funksionaliteti i k\u00ebsaj faqeje interneti mund t\u00eb jet\u00eb i kufizuar. <\/p> <p>Cilat cookies dhe sh\u00ebrbime p\u00ebrdoren n\u00eb k\u00ebt\u00eb faqe interneti, mund t'i gjeni n\u00eb k\u00ebt\u00eb deklarat\u00eb p\u00ebr mbrojtjen e t\u00eb dh\u00ebnave.<\/p>\n<h3>CCM19<\/h3> <p>Faqja jon\u00eb e internetit p\u00ebrdor CCM19 p\u00ebr t\u00eb marr\u00eb p\u00eblqimin tuaj p\u00ebr ruajtjen e cookies t\u00eb caktuara n\u00eb pajisjen tuaj ose p\u00ebr p\u00ebrdorimin e teknologjive t\u00eb caktuara dhe p\u00ebr t'i dokumentuar ato n\u00eb p\u00ebrputhje me rregullat e mbrojtjes s\u00eb t\u00eb dh\u00ebnave. Ofruesi i k\u00ebsaj teknologjie \u00ebsht\u00eb Papoo Software &amp; Media GmbH, Auguststr. 4, 53229 Bonn (n\u00eb tekstin e m\u00ebtejm\u00eb \u201cCCM19\u201d).  <\/p> <p>Kur hyni n\u00eb faqen ton\u00eb t\u00eb internetit, krijohet nj\u00eb lidhje me server\u00ebt e CCM19 p\u00ebr t\u00eb marr\u00eb p\u00eblqimet tuaja dhe deklaratat e tjera n\u00eb lidhje me p\u00ebrdorimin e cookies. M\u00eb pas, CCM19 ruan nj\u00eb cookie n\u00eb shfletuesin tuaj p\u00ebr t'ju atribuar p\u00eblqimet e dh\u00ebna ose revokimin e tyre. T\u00eb dh\u00ebnat e mbledhura n\u00eb k\u00ebt\u00eb m\u00ebnyr\u00eb ruhen derisa ju t\u00eb na k\u00ebrkoni fshirjen, t\u00eb fshini vet\u00eb cookie-n e CCM19 ose t\u00eb zhduket q\u00ebllimi i ruajtjes s\u00eb t\u00eb dh\u00ebnave. Detyrimet ligjore t\u00eb detyrueshme p\u00ebr ruajtje mbeten t\u00eb paprekura.   <\/p> <p>P\u00ebrdorimi i CCM19 b\u00ebhet p\u00ebr t\u00eb marr\u00eb p\u00eblqimet e k\u00ebrkuara ligj\u00ebrisht p\u00ebr p\u00ebrdorimin e cookies. Baza ligjore p\u00ebr k\u00ebt\u00eb \u00ebsht\u00eb Neni 6, Paragrafi 1, Fjala 1, shkronja c e GDPR-s\u00eb.   <\/p>\n<h4>P\u00ebrpunimi i t\u00eb dh\u00ebnave me porosi<\/h4> <p>Ne kemi lidhur nj\u00eb kontrat\u00eb p\u00ebr p\u00ebrpunimin e t\u00eb dh\u00ebnave me porosi (AVV) p\u00ebr p\u00ebrdorimin e sh\u00ebrbimit t\u00eb lartp\u00ebrmendur. Kjo \u00ebsht\u00eb nj\u00eb kontrat\u00eb e k\u00ebrkuar nga ligji p\u00ebr mbrojtjen e t\u00eb dh\u00ebnave, e cila siguron q\u00eb t\u00eb dh\u00ebnat personale t\u00eb vizitor\u00ebve t\u00eb faqes son\u00eb t\u00eb internetit t\u00eb p\u00ebrpunohen vet\u00ebm sipas udh\u00ebzimeve tona dhe n\u00eb p\u00ebrputhje me GDPR-n\u00eb. <\/p>\n<h3>Formulari i kontaktit<\/h3> <p>N\u00ebse na d\u00ebrgoni k\u00ebrkesa p\u00ebrmes formularit t\u00eb kontaktit, t\u00eb dh\u00ebnat tuaja nga formulari i k\u00ebrkes\u00ebs, p\u00ebrfshir\u00eb t\u00eb dh\u00ebnat e kontaktit q\u00eb keni dh\u00ebn\u00eb aty, ruhen tek ne p\u00ebr q\u00ebllim t\u00eb p\u00ebrpunimit t\u00eb k\u00ebrkes\u00ebs dhe p\u00ebr rastin e pyetjeve pasuese. K\u00ebto t\u00eb dh\u00ebna nuk i ndajm\u00eb pa p\u00eblqimin tuaj. <\/p> <p>P\u00ebrpunimi i k\u00ebtyre t\u00eb dh\u00ebnave b\u00ebhet n\u00eb baz\u00eb t\u00eb Neni 6, Paragrafi 1, shkronja b e GDPR-s\u00eb, n\u00ebse k\u00ebrkesa juaj lidhet me p\u00ebrmbushjen e nj\u00eb kontrate ose \u00ebsht\u00eb e nevojshme p\u00ebr zbatimin e masave parakontraktuale. N\u00eb t\u00eb gjitha rastet e tjera, p\u00ebrpunimi bazohet n\u00eb interesin ton\u00eb legjitim p\u00ebr p\u00ebrpunimin efektiv t\u00eb k\u00ebrkesave q\u00eb na drejtohen (Neni 6, Paragrafi 1, shkronja f e GDPR-s\u00eb) ose n\u00eb p\u00eblqimin tuaj (Neni 6, Paragrafi 1, shkronja a e GDPR-s\u00eb) n\u00ebse ky \u00ebsht\u00eb k\u00ebrkuar; p\u00eblqimi mund t\u00eb revokohet n\u00eb \u00e7do koh\u00eb.   <\/p> <p>T\u00eb dh\u00ebnat e futura nga ju n\u00eb formularin e kontaktit mbeten tek ne derisa ju t\u00eb na k\u00ebrkoni fshirjen, t\u00eb revokoni p\u00eblqimin tuaj p\u00ebr ruajtjen ose t\u00eb zhduket q\u00ebllimi i ruajtjes s\u00eb t\u00eb dh\u00ebnave (p.sh., pas p\u00ebrfundimit t\u00eb p\u00ebrpunimit t\u00eb k\u00ebrkes\u00ebs suaj). Dispozitat ligjore t\u00eb detyrueshme \u2013 ve\u00e7an\u00ebrisht afatet e ruajtjes \u2013 mbeten t\u00eb paprekura. <\/p>\n<h3>K\u00ebrkes\u00eb me e-mail, telefon ose faks<\/h3> <p>N\u00ebse na kontaktoni me e-mail, telefon ose faks, k\u00ebrkesa juaj, p\u00ebrfshir\u00eb t\u00eb gjitha t\u00eb dh\u00ebnat personale q\u00eb rrjedhin prej saj (emri, k\u00ebrkesa), ruhet dhe p\u00ebrpunohet tek ne p\u00ebr q\u00ebllim t\u00eb trajtimit t\u00eb \u00e7\u00ebshtjes suaj. K\u00ebto t\u00eb dh\u00ebna nuk i ndajm\u00eb pa p\u00eblqimin tuaj. <\/p> <p>P\u00ebrpunimi i k\u00ebtyre t\u00eb dh\u00ebnave b\u00ebhet n\u00eb baz\u00eb t\u00eb Neni 6, Paragrafi 1, shkronja b e GDPR-s\u00eb, n\u00ebse k\u00ebrkesa juaj lidhet me p\u00ebrmbushjen e nj\u00eb kontrate ose \u00ebsht\u00eb e nevojshme p\u00ebr zbatimin e masave parakontraktuale. N\u00eb t\u00eb gjitha rastet e tjera, p\u00ebrpunimi bazohet n\u00eb interesin ton\u00eb legjitim p\u00ebr p\u00ebrpunimin efektiv t\u00eb k\u00ebrkesave q\u00eb na drejtohen (Neni 6, Paragrafi 1, shkronja f e GDPR-s\u00eb) ose n\u00eb p\u00eblqimin tuaj (Neni 6, Paragrafi 1, shkronja a e GDPR-s\u00eb) n\u00ebse ky \u00ebsht\u00eb k\u00ebrkuar; p\u00eblqimi mund t\u00eb revokohet n\u00eb \u00e7do koh\u00eb.   <\/p> <p>T\u00eb dh\u00ebnat q\u00eb ju na keni d\u00ebrguar p\u00ebrmes k\u00ebrkesave t\u00eb kontaktit mbeten tek ne derisa ju t\u00eb na k\u00ebrkoni fshirjen, t\u00eb revokoni p\u00eblqimin tuaj p\u00ebr ruajtjen ose t\u00eb zhduket q\u00ebllimi i ruajtjes s\u00eb t\u00eb dh\u00ebnave (p.sh., pas p\u00ebrfundimit t\u00eb trajtimit t\u00eb \u00e7\u00ebshtjes suaj). Dispozitat ligjore t\u00eb detyrueshme \u2013 ve\u00e7an\u00ebrisht afatet ligjore t\u00eb ruajtjes \u2013 mbeten t\u00eb paprekura. <\/p>\n<h3>Komunikimi p\u00ebrmes WhatsApp<\/h3> <p>P\u00ebr komunikimin me klient\u00ebt tan\u00eb dhe pal\u00eb t\u00eb tjera t\u00eb treta, ne p\u00ebrdorim, nd\u00ebr t\u00eb tjera, sh\u00ebrbimin e mesazheve t\u00eb \u00e7astit WhatsApp. Ofruesi \u00ebsht\u00eb WhatsApp Ireland Limited, 4 Grand Canal Square, Grand Canal Harbour, Dublin 2, Irland\u00eb. <\/p> <p>Komunikimi b\u00ebhet p\u00ebrmes nj\u00eb kriptimi fund-p\u00ebr-fund (Peer-to-Peer), i cili parandalon q\u00eb WhatsApp ose pal\u00eb t\u00eb tjera t\u00eb treta t\u00eb ken\u00eb akses n\u00eb p\u00ebrmbajtjen e komunikimit. Megjithat\u00eb, WhatsApp merr akses n\u00eb metadatat q\u00eb krijohen gjat\u00eb procesit t\u00eb komunikimit (p.sh., d\u00ebrguesi, marr\u00ebsi dhe koha). Gjithashtu, theksojm\u00eb se WhatsApp, sipas deklarat\u00ebs s\u00eb vet, ndan t\u00eb dh\u00ebnat personale t\u00eb p\u00ebrdoruesve t\u00eb tij me kompanin\u00eb m\u00ebm\u00eb Meta, me qend\u00ebr n\u00eb SHBA. Detaje t\u00eb m\u00ebtejshme mbi p\u00ebrpunimin e t\u00eb dh\u00ebnave mund t'i gjeni n\u00eb politik\u00ebn e privat\u00ebsis\u00eb s\u00eb WhatsApp n\u00eb: <a href=\"https:\/\/www.whatsapp.com\/legal\/#privacy-policy\" target=\"_blank\" rel=\"noopener noreferrer\">https:\/\/www.whatsapp.com\/legal\/#privacy-policy<\/a>.   <\/p> <p>P\u00ebrdorimi i WhatsApp b\u00ebhet n\u00eb baz\u00eb t\u00eb interesit ton\u00eb legjitim p\u00ebr nj\u00eb komunikim sa m\u00eb t\u00eb shpejt\u00eb dhe efektiv me klient\u00ebt, pal\u00ebt e interesuara dhe partner\u00ebt e tjer\u00eb t\u00eb biznesit dhe kontraktual\u00eb (Neni 6, Paragrafi 1, shkronja f e GDPR-s\u00eb). N\u00ebse \u00ebsht\u00eb k\u00ebrkuar nj\u00eb p\u00eblqim i p\u00ebrshtatsh\u00ebm, p\u00ebrpunimi i t\u00eb dh\u00ebnave b\u00ebhet ekskluzivisht n\u00eb baz\u00eb t\u00eb p\u00eblqimit; ky mund t\u00eb revokohet n\u00eb \u00e7do koh\u00eb me efekt p\u00ebr t\u00eb ardhmen. <\/p> <p>P\u00ebrmbajtjet e komunikimit t\u00eb shk\u00ebmbyera midis jush dhe nesh n\u00eb WhatsApp mbeten tek ne derisa ju t\u00eb na k\u00ebrkoni fshirjen, t\u00eb revokoni p\u00eblqimin tuaj p\u00ebr ruajtjen ose t\u00eb zhduket q\u00ebllimi i ruajtjes s\u00eb t\u00eb dh\u00ebnave (p.sh., pas p\u00ebrfundimit t\u00eb p\u00ebrpunimit t\u00eb k\u00ebrkes\u00ebs suaj). Dispozitat ligjore t\u00eb detyrueshme \u2013 ve\u00e7an\u00ebrisht afatet e ruajtjes \u2013 mbeten t\u00eb paprekura. <\/p>\n<p>Kompania ka nj\u00eb certifikim sipas \u201cEU-US Data Privacy Framework\u201d (DPF). DPF \u00ebsht\u00eb nj\u00eb marr\u00ebveshje midis Bashkimit Evropian dhe SHBA-s\u00eb, e cila synon t\u00eb garantoj\u00eb respektimin e standardeve evropiane t\u00eb mbrojtjes s\u00eb t\u00eb dh\u00ebnave gjat\u00eb p\u00ebrpunimit t\u00eb t\u00eb dh\u00ebnave n\u00eb SHBA. \u00c7do kompani e certifikuar sipas DPF-s\u00eb angazhohet t\u00eb respektoj\u00eb k\u00ebto standarde t\u00eb mbrojtjes s\u00eb t\u00eb dh\u00ebnave. Informacione t\u00eb m\u00ebtejshme mbi k\u00ebt\u00eb mund t'i merrni nga ofruesi n\u00eb linkun e m\u00ebposht\u00ebm: <a href=\"https:\/\/www.dataprivacyframework.gov\/participant\/7735\" target=\"_blank\" rel=\"noopener noreferrer\">https:\/\/www.dataprivacyframework.gov\/participant\/7735<\/a>.   <\/p>\n<h2>5. Shtojca dhe Vegla<\/h2>\n<h3>Google Fonts<\/h3> <p>Kjo faqe p\u00ebrdor t\u00eb ashtuquajturat Google Fonts, t\u00eb ofruara nga Google, p\u00ebr nj\u00eb shfaqje uniforme t\u00eb shkronjave. Kur vizitoni nj\u00eb faqe, shfletuesi juaj ngarkon shkronjat e nevojshme n\u00eb cache-n e tij p\u00ebr t\u00eb shfaqur tekstet dhe shkronjat sakt\u00eb. <\/p> <p>P\u00ebr k\u00ebt\u00eb q\u00ebllim, shfletuesi q\u00eb p\u00ebrdorni duhet t\u00eb krijoj\u00eb lidhje me server\u00ebt e Google. N\u00eb k\u00ebt\u00eb m\u00ebnyr\u00eb, Google merr dijeni se kjo faqe interneti \u00ebsht\u00eb vizituar p\u00ebrmes adres\u00ebs tuaj IP. P\u00ebrdorimi i Google Fonts b\u00ebhet n\u00eb baz\u00eb t\u00eb Neni 6, Paragrafi 1, shkronja f e GDPR-s\u00eb. Operatori i faqes s\u00eb internetit ka nj\u00eb interes legjitim n\u00eb shfaqjen uniforme t\u00eb shkronjave n\u00eb faqen e tij t\u00eb internetit. N\u00ebse \u00ebsht\u00eb k\u00ebrkuar nj\u00eb p\u00eblqim i p\u00ebrshtatsh\u00ebm, p\u00ebrpunimi b\u00ebhet ekskluzivisht n\u00eb baz\u00eb t\u00eb Neni 6, Paragrafi 1, shkronja a e GDPR-s\u00eb dhe \u00a7 25, Paragrafi 1 i TDDDG, n\u00eb mas\u00ebn q\u00eb p\u00eblqimi p\u00ebrfshin ruajtjen e cookies ose aksesin n\u00eb informacione n\u00eb pajisjen fundore t\u00eb p\u00ebrdoruesit (p.sh., gjurmimi i pajisjes) n\u00eb kuptimin e TDDDG. P\u00eblqimi mund t\u00eb revokohet n\u00eb \u00e7do koh\u00eb.          <\/p> <p>N\u00ebse shfletuesi juaj nuk mb\u00ebshtet Google Fonts, do t\u00eb p\u00ebrdoret nj\u00eb shkronj\u00eb standarde nga kompjuteri juaj.<\/p> <p>Informacione t\u00eb m\u00ebtejshme mbi Google Fonts mund t'i gjeni n\u00eb <a href=\"https:\/\/developers.google.com\/fonts\/faq\" target=\"_blank\" rel=\"noopener noreferrer\">https:\/\/developers.google.com\/fonts\/faq<\/a> dhe n\u00eb deklarat\u00ebn e privat\u00ebsis\u00eb s\u00eb Google: <a href=\"https:\/\/policies.google.com\/privacy?hl=de\" target=\"_blank\" rel=\"noopener noreferrer\">https:\/\/policies.google.com\/privacy?hl=de<\/a>.<\/p>\n<p>Kompania ka nj\u00eb certifikim sipas \u201cEU-US Data Privacy Framework\u201d (DPF). DPF \u00ebsht\u00eb nj\u00eb marr\u00ebveshje midis Bashkimit Evropian dhe SHBA-s\u00eb, e cila synon t\u00eb garantoj\u00eb respektimin e standardeve evropiane t\u00eb mbrojtjes s\u00eb t\u00eb dh\u00ebnave gjat\u00eb p\u00ebrpunimit t\u00eb t\u00eb dh\u00ebnave n\u00eb SHBA. \u00c7do kompani e certifikuar sipas DPF-s\u00eb angazhohet t\u00eb respektoj\u00eb k\u00ebto standarde t\u00eb mbrojtjes s\u00eb t\u00eb dh\u00ebnave. Informacione t\u00eb m\u00ebtejshme mbi k\u00ebt\u00eb mund t'i merrni nga ofruesi n\u00eb linkun e m\u00ebposht\u00ebm: <a href=\"https:\/\/www.dataprivacyframework.gov\/participant\/5780\" target=\"_blank\" rel=\"noopener noreferrer\">https:\/\/www.dataprivacyframework.gov\/participant\/5780<\/a>.   <\/p>\t\t\t\t<\/div>\n\t\t\t\t\t<\/div>\n\t\t\t\t<\/div>\n\t\t\t\t<\/div>\n\t\t","protected":false},"excerpt":{"rendered":"<p>Deklarata e privat\u00ebsis\u00eb Ky \u00ebsht\u00eb versioni ligj\u00ebrisht i detyruesh\u00ebm. P\u00ebrkthimet n\u00eb gjuh\u00eb t\u00eb tjera jan\u00eb vet\u00ebm p\u00ebr nj\u00eb kuptim m\u00eb t\u00eb mir\u00eb. 1. Privat\u00ebsia e t\u00eb dh\u00ebnave n\u00eb nj\u00eb shikim Informacione t\u00eb p\u00ebrgjithshme Informacionet e m\u00ebposhtme japin nj\u00eb pasqyr\u00eb t\u00eb thjesht\u00eb se \u00e7far\u00eb ndodh me t\u00eb dh\u00ebnat tuaja personale kur vizitoni k\u00ebt\u00eb faqe interneti. T\u00eb [&hellip;]<\/p>\n","protected":false},"author":2,"featured_media":0,"parent":0,"menu_order":0,"comment_status":"closed","ping_status":"closed","template":"","meta":{"footnotes":""},"class_list":["post-960","page","type-page","status-publish","hentry"],"_links":{"self":[{"href":"https:\/\/buchhaltermach.com\/sq\/wp-json\/wp\/v2\/pages\/960","targetHints":{"allow":["GET"]}}],"collection":[{"href":"https:\/\/buchhaltermach.com\/sq\/wp-json\/wp\/v2\/pages"}],"about":[{"href":"https:\/\/buchhaltermach.com\/sq\/wp-json\/wp\/v2\/types\/page"}],"author":[{"embeddable":true,"href":"https:\/\/buchhaltermach.com\/sq\/wp-json\/wp\/v2\/users\/2"}],"replies":[{"embeddable":true,"href":"https:\/\/buchhaltermach.com\/sq\/wp-json\/wp\/v2\/comments?post=960"}],"version-history":[{"count":1,"href":"https:\/\/buchhaltermach.com\/sq\/wp-json\/wp\/v2\/pages\/960\/revisions"}],"predecessor-version":[{"id":961,"href":"https:\/\/buchhaltermach.com\/sq\/wp-json\/wp\/v2\/pages\/960\/revisions\/961"}],"wp:attachment":[{"href":"https:\/\/buchhaltermach.com\/sq\/wp-json\/wp\/v2\/media?parent=960"}],"curies":[{"name":"wp","href":"https:\/\/api.w.org\/{rel}","templated":true}]}}